{"id":8,"date":"2022-07-14T11:37:55","date_gmt":"2022-07-14T09:37:55","guid":{"rendered":"http:\/\/robertbock.de\/3le\/?page_id=8"},"modified":"2022-07-25T17:09:30","modified_gmt":"2022-07-25T15:09:30","slug":"ausfluege-mit-kindern","status":"publish","type":"page","link":"http:\/\/robertbock.de\/3le\/ausfluege\/ausfluege-mit-kindern\/","title":{"rendered":"Ausfl\u00fcge mit Kindern"},"content":{"rendered":"\n<p>(Nicht nur) Im Landkreis L\u00f6rrach bieten sich zahlreiche M\u00f6glichkeiten, auch f\u00fcr Kinder interessante Ausfl\u00fcge zu   t\u00e4tigen. Teilweise sind diese auch kinderwagen- oder rollstuhltauglich. Hier listen wir diese f\u00fcr Euch auf. Diese Seite befindet sich im Aufbau, weitere Informationen folgen. Gern nehmen wir auch Eure Tipps auf, per Mail an <a rel=\"noreferrer noopener\" href=\"mailto:post@robertbock.de\" target=\"_blank\">post@robertbock.de<\/a> (Bitte Rollstuhl-\/Kinderwagentauglichkeit und Vorhandensein WC\/Wickelm\u00f6glichkeit mit angeben).  <\/p>\n\n\n\n<h2 class=\"wp-block-heading\"><strong>Belchen &#8211; Belchenseilbahn (Multen bei Sch\u00f6nau)<\/strong><\/h2>\n\n\n\n<p>Die Belchenseilbahn bringt Euch in wenigen Minuten zum Belchenhaus auf gut 1400 Meter \u00fcber Meer. Hier kann f\u00fcr einen Imbiss oder auch ein gr\u00f6\u00dferes Mahl zu fairen Preisen eingekehrt werden. Mehrere (Rund-)Wege f\u00fchren zum Gipfel mit seinem 360-Grad-Panorama. Zudem kann auch ins Tal zur\u00fcckgewandert werden, auch ins M\u00fcnstertal (Bus, S-Bahn) oder ins Kleine Wiesental, z.B. nach Neuenweg, von wo man mit dem Bus wieder nach Sch\u00f6nau oder Schopfheim kommt. Ein kindgerechter Wanderweg ist der Naturerlebnispfad Belchen, besser bekannt unter &#8222;Regenwurmpfad&#8220;, der \u00fcber den Badischen Riesenregenwurm aufkl\u00e4rt und mit mehreren Stationen und einem Rastplatz von der Hohtann zur Talstation der Belchenbahn f\u00fchrt (nur in dieser Richtung sinnvoll).<\/p>\n\n\n<div class=\"wp-block-image\">\n<figure class=\"aligncenter size-full is-resized\"><img loading=\"lazy\" decoding=\"async\" src=\"http:\/\/robertbock.de\/3le\/wp-content\/uploads\/2022\/07\/Belchen_Regenwurmerlebnisweg_klein.png\" alt=\"\" class=\"wp-image-121\" width=\"665\" height=\"322\" srcset=\"http:\/\/robertbock.de\/3le\/wp-content\/uploads\/2022\/07\/Belchen_Regenwurmerlebnisweg_klein.png 735w, http:\/\/robertbock.de\/3le\/wp-content\/uploads\/2022\/07\/Belchen_Regenwurmerlebnisweg_klein-300x145.png 300w, http:\/\/robertbock.de\/3le\/wp-content\/uploads\/2022\/07\/Belchen_Regenwurmerlebnisweg_klein-640x310.png 640w\" sizes=\"auto, (max-width: 665px) 100vw, 665px\" \/><\/figure>\n<\/div>\n\n\n<figure class=\"wp-block-table is-style-stripes\"><table><tbody><tr><td><img loading=\"lazy\" decoding=\"async\" width=\"30\" height=\"32\" class=\"wp-image-80\" style=\"width: 30px;\" src=\"http:\/\/robertbock.de\/3le\/wp-content\/uploads\/2022\/07\/toilet_wc_icon_148310-2.png\" alt=\"\"> Belchenhaus und Talstation Belchenbahn (Letzteres barrierefrei)<\/td><\/tr><tr><td><img loading=\"lazy\" decoding=\"async\" width=\"32\" height=\"32\" class=\"wp-image-78\" style=\"width: 32px;\" src=\"http:\/\/robertbock.de\/3le\/wp-content\/uploads\/2022\/07\/3289571-babies-baby-baby-diaper-changing-a-diaper-diaper-newborn_107109.png\" alt=\"\">Belchenhaus und Talstation Belchenbahn<\/td><\/tr><tr><td><img loading=\"lazy\" decoding=\"async\" width=\"32\" height=\"32\" class=\"wp-image-82\" style=\"width: 32px;\" src=\"http:\/\/robertbock.de\/3le\/wp-content\/uploads\/2022\/07\/playground_children_park_slide_icon_225221.png\" alt=\"\">nicht vorhanden<\/td><\/tr><tr><td><img loading=\"lazy\" decoding=\"async\" width=\"32\" height=\"32\" class=\"wp-image-84\" style=\"width: 32px;\" src=\"http:\/\/robertbock.de\/3le\/wp-content\/uploads\/2022\/07\/stroller_icon_218155.png\" alt=\"\"><img loading=\"lazy\" decoding=\"async\" width=\"32\" height=\"32\" class=\"wp-image-83\" style=\"width: 32px;\" src=\"http:\/\/robertbock.de\/3le\/wp-content\/uploads\/2022\/07\/Rollstuhl.png\" alt=\"\">Seilbahn barrierefrei, Wanderwege teilweise (z.B. westlicher Weg zum Gipfel und Regenwurmpfad) mit gel\u00e4ndeg\u00e4ngigem Kinderwagen machbar, Fahrstra\u00dfe Berg- &lt;-&gt; Talstation barrierefrei, Regenwurmpfad teilweise mit Rollstuhl machbar, WC nur an Talstation rollstuhlgerecht!!<\/td><\/tr><tr><td><img loading=\"lazy\" decoding=\"async\" width=\"32\" height=\"32\" class=\"wp-image-85\" style=\"width: 32px;\" src=\"http:\/\/robertbock.de\/3le\/wp-content\/uploads\/2022\/07\/BusUndBahn.png\" alt=\"\">Haltestelle &#8222;Multen, Belchenbahn&#8220; (Seilbahn, BUS 7306, teilweise 291) bzw. &#8222;Wieden, Hohtann&#8220; (Regenwurmpfad, BUS 7306)<\/td><\/tr><tr><td><img loading=\"lazy\" decoding=\"async\" width=\"32\" height=\"32\" class=\"wp-image-87\" style=\"width: 32px;\" src=\"http:\/\/robertbock.de\/3le\/wp-content\/uploads\/2022\/07\/website.png\" alt=\"\"><a rel=\"noreferrer noopener\" href=\"http:\/\/www.belchen-seilbahn.de\" data-type=\"URL\" data-id=\"www.belchen-seilbahn.de\" target=\"_blank\">www.belchen-seilbahn.de<\/a> (Seilbahn) bzw. <a rel=\"noreferrer noopener\" href=\"http:\/\/www.schwarzwaldregion-belchen.de\/de\/ausflugsziele\/ausflugsziel.php?id=23\" target=\"_blank\">http:\/\/www.schwarzwaldregion-belchen.de\/de\/ausflugsziele\/ausflugsziel.php?id=23<\/a> (Regenwurmpfad)<\/td><\/tr><tr><td><img loading=\"lazy\" decoding=\"async\" width=\"32\" height=\"32\" class=\"wp-image-86\" style=\"width: 32px;\" src=\"http:\/\/robertbock.de\/3le\/wp-content\/uploads\/2022\/07\/Hinweis.png\" alt=\"\">Zuerst den Regenwurmpfad laufen (Anreise mit Bus nach &#8222;Wieden, Hohtann&#8220;), danach mit der Seilbahn auf den Belchen, Abreise ab dort z.B. mit Bus (verkehrt dort \u00f6fter)<\/td><\/tr><tr><td><\/td><\/tr><\/tbody><\/table><\/figure>\n\n\n\n<h2 class=\"wp-block-heading\"><strong>Schauinsland &#8211; Schauinslandbahn (Freiburg im Breisgau)<\/strong><\/h2>\n\n\n\n<p>Deutschlands l\u00e4ngste Umlaufseilbahn und die \u00fcberhaupt erste Seilbahn der Welt nach dem Umlaufbahnprinzip bringt Euch sicher und bequem auf den Freiburger Hausberg. In etwa 20 Minuten ist die Fahrt mit den vergleichsweise gro\u00dfen Gondeln durch den Wald ein Genuss in luftiger H\u00f6he. Aufgrund ihrer trotz Sanierung immer noch einzigartiger Bauweise sieht die Bahn anders aus, als normale Umlaufseilbahnen. Teilweise ist der Abstand zum Boden recht gro\u00df. An der Bergstation wartet ein sehr sch\u00f6ner Abenteuerspielplatz auf die Kinder, w\u00e4hrend die Eltern direkt nebenan auf Himmelsliegen entspannen und die Aussicht genie\u00dfen k\u00f6nnen.<\/p>\n\n\n<div class=\"wp-block-image\">\n<figure class=\"aligncenter size-full\"><img loading=\"lazy\" decoding=\"async\" width=\"574\" height=\"456\" src=\"http:\/\/robertbock.de\/3le\/wp-content\/uploads\/2022\/07\/Schauinsland-Galerie-kl.jpg\" alt=\"\" class=\"wp-image-138\" srcset=\"http:\/\/robertbock.de\/3le\/wp-content\/uploads\/2022\/07\/Schauinsland-Galerie-kl.jpg 574w, http:\/\/robertbock.de\/3le\/wp-content\/uploads\/2022\/07\/Schauinsland-Galerie-kl-300x238.jpg 300w\" sizes=\"auto, (max-width: 574px) 100vw, 574px\" \/><\/figure>\n<\/div>\n\n\n<figure class=\"wp-block-table is-style-stripes\"><table><tbody><tr><td><img loading=\"lazy\" decoding=\"async\" width=\"30\" height=\"32\" class=\"wp-image-80\" style=\"width: 30px;\" src=\"http:\/\/robertbock.de\/3le\/wp-content\/uploads\/2022\/07\/toilet_wc_icon_148310-2.png\" alt=\"\"> Berg- und Talstation Schauinslandbahn (in Talstation behindertengerecht)<\/td><\/tr><tr><td><img loading=\"lazy\" decoding=\"async\" width=\"32\" height=\"32\" class=\"wp-image-78\" style=\"width: 32px;\" src=\"http:\/\/robertbock.de\/3le\/wp-content\/uploads\/2022\/07\/3289571-babies-baby-baby-diaper-changing-a-diaper-diaper-newborn_107109.png\" alt=\"\">Berg- und Talstation Schauinslandbahn<\/td><\/tr><tr><td><img loading=\"lazy\" decoding=\"async\" width=\"32\" height=\"32\" class=\"wp-image-82\" style=\"width: 32px;\" src=\"http:\/\/robertbock.de\/3le\/wp-content\/uploads\/2022\/07\/playground_children_park_slide_icon_225221.png\" alt=\"\">Abenteuerspielplatz direkt neben der Bergstation, mit fantastischem Blick ins Tal<\/td><\/tr><tr><td><img loading=\"lazy\" decoding=\"async\" width=\"32\" height=\"32\" class=\"wp-image-84\" style=\"width: 32px;\" src=\"http:\/\/robertbock.de\/3le\/wp-content\/uploads\/2022\/07\/stroller_icon_218155.png\" alt=\"\"><img loading=\"lazy\" decoding=\"async\" width=\"32\" height=\"32\" class=\"wp-image-83\" style=\"width: 32px;\" src=\"http:\/\/robertbock.de\/3le\/wp-content\/uploads\/2022\/07\/Rollstuhl.png\" alt=\"\">Nahezu barrierefreier Zugang zur Bahn, f\u00fcr Rollst\u00fchle wird der Zugang \u00fcber Klapprahmen durch das Personal sichergestellt, dies gilt auch f\u00fcr Elektro-Rollst\u00fchle. WC an der Talstation barrierefrei<\/td><\/tr><tr><td><img loading=\"lazy\" decoding=\"async\" width=\"32\" height=\"32\" class=\"wp-image-85\" style=\"width: 32px;\" src=\"http:\/\/robertbock.de\/3le\/wp-content\/uploads\/2022\/07\/BusUndBahn.png\" alt=\"\">Haltestelle &#8222;Horben, Schauinslandbahn&#8220; (BUS 21, erreichbar ab Freiburg mit Tram 2 bis G\u00fcnterstal) bzw. &#8222;Schauinslandbahn Bergstation&#8220; (BUS 7215, nur am Wochenende f\u00e4hrt der Bus hierher, sonst bis &#8222;Hofsgrund, Hof&#8220; &#8211; ca. 2,5 km bequeme Wanderung ab\/bis Bergstation mit Gef\u00e4lle\/Steigung \u00fcber Fahrstra\u00dfen und Feldwege).<\/td><\/tr><tr><td><img loading=\"lazy\" decoding=\"async\" width=\"32\" height=\"32\" class=\"wp-image-87\" style=\"width: 32px;\" src=\"http:\/\/robertbock.de\/3le\/wp-content\/uploads\/2022\/07\/website.png\" alt=\"\"><a href=\"http:\/\/www.schauinslandbahn.de\" data-type=\"URL\" data-id=\"www.schauinslandbahn.de\" target=\"_blank\" rel=\"noreferrer noopener\">www.schauinslandbahn.de<\/a> <\/td><\/tr><tr><td><img loading=\"lazy\" decoding=\"async\" width=\"32\" height=\"32\" class=\"wp-image-86\" style=\"width: 32px;\" src=\"http:\/\/robertbock.de\/3le\/wp-content\/uploads\/2022\/07\/Hinweis.png\" alt=\"\">Gut kombinieren l\u00e4sst sich die Fahrt entweder mit einer Rundreise Freiburg -&gt; Horben -&gt; Schauinsland -&gt; Hofsgrund -&gt; Kirchzarten -&gt; Freiburg (in dieser Richtung geht&#8217;s bergab zum Wandern). In der N\u00e4he der Bergstation befinden sich der Schauinslandturm und im n\u00e4heren Umfeld laden mehrere per k\u00fcrzerer Wanderung erreichbare Berggasth\u00e4user zur Rast. <strong>Gastronomie direkt am Schauinsland (inklusive Imbisstand) relativ teuer.<\/strong> Bei entsprechender Schneelage kann im Winter nahe der Bergstation ausgiebig gerodelt werden und auch ein Skilift hat seine Bergstation in der N\u00e4he (-&gt; <a href=\"https:\/\/www.skilifte-hofsgrund.de\/\" data-type=\"URL\" data-id=\"https:\/\/www.skilifte-hofsgrund.de\/\" target=\"_blank\" rel=\"noreferrer noopener\">Skilifte Hofsgrund<\/a>).<\/td><\/tr><tr><td><\/td><\/tr><\/tbody><\/table><\/figure>\n\n\n\n<h2 class=\"wp-block-heading\"><strong>Hasenhorn-Coasterbahn \/ Hasenhorn-Sessellift (Todtnau)<\/strong><\/h2>\n\n\n<div class=\"wp-block-image\">\n<figure class=\"alignleft size-large is-resized\"><img loading=\"lazy\" decoding=\"async\" src=\"http:\/\/robertbock.de\/3le\/wp-content\/uploads\/2022\/07\/20210824_165924-1024x768.jpg\" alt=\"\" class=\"wp-image-136\" width=\"232\" height=\"174\" srcset=\"http:\/\/robertbock.de\/3le\/wp-content\/uploads\/2022\/07\/20210824_165924-1024x768.jpg 1024w, http:\/\/robertbock.de\/3le\/wp-content\/uploads\/2022\/07\/20210824_165924-300x225.jpg 300w, http:\/\/robertbock.de\/3le\/wp-content\/uploads\/2022\/07\/20210824_165924-768x576.jpg 768w, http:\/\/robertbock.de\/3le\/wp-content\/uploads\/2022\/07\/20210824_165924-1536x1152.jpg 1536w, http:\/\/robertbock.de\/3le\/wp-content\/uploads\/2022\/07\/20210824_165924-2048x1536.jpg 2048w, http:\/\/robertbock.de\/3le\/wp-content\/uploads\/2022\/07\/20210824_165924-1040x780.jpg 1040w, http:\/\/robertbock.de\/3le\/wp-content\/uploads\/2022\/07\/20210824_165924-640x480.jpg 640w\" sizes=\"auto, (max-width: 232px) 100vw, 232px\" \/><\/figure>\n<\/div>\n\n\n<p>Deutschlands l\u00e4ngste Sommerrodelbahn (sogar eine Allwetterrodelbahn!) bietet auf einer Streckenl\u00e4nge von 2,4 Kilometern zahlreiche &#8222;Kribbelmomente&#8220;, Steilkurven usw. Eine Fahrt ist ein Adrenalinkick pur! Die Auffahrt erfolgt mit dem Hasenhorn-Sessellift (moderner, steiler 2er-Sessellift), der auch unabh\u00e4ngig von der Rodelbahn genutzt werden kann, zum Beispiel um f\u00fcr Wanderungen H\u00f6he zu gewinnen oder im Berggasthaus einzukehren.<\/p>\n\n\n\n<figure class=\"wp-block-table is-style-stripes\"><table><tbody><tr><td><img loading=\"lazy\" decoding=\"async\" width=\"30\" height=\"32\" class=\"wp-image-80\" style=\"width: 30px;\" src=\"http:\/\/robertbock.de\/3le\/wp-content\/uploads\/2022\/07\/toilet_wc_icon_148310-2.png\" alt=\"\"> Berg- und Talstation, Restaurant<\/td><\/tr><tr><td><img loading=\"lazy\" decoding=\"async\" width=\"32\" height=\"32\" class=\"wp-image-78\" style=\"width: 32px;\" src=\"http:\/\/robertbock.de\/3le\/wp-content\/uploads\/2022\/07\/3289571-babies-baby-baby-diaper-changing-a-diaper-diaper-newborn_107109.png\" alt=\"\"><em>&#8211; nicht bekannt &#8211; -&gt; <a href=\"mailto:post@robertbock.de\" data-type=\"mailto\" data-id=\"mailto:post@robertbock.de\">bitte berichten Sie mir!<\/a><\/em><\/td><\/tr><tr><td><img loading=\"lazy\" decoding=\"async\" width=\"32\" height=\"32\" class=\"wp-image-82\" style=\"width: 32px;\" src=\"http:\/\/robertbock.de\/3le\/wp-content\/uploads\/2022\/07\/playground_children_park_slide_icon_225221.png\" alt=\"\">Spielm\u00f6glichkeiten bei Talstation und Bergrestaurant<\/td><\/tr><tr><td><img loading=\"lazy\" decoding=\"async\" width=\"32\" height=\"32\" class=\"wp-image-84\" style=\"width: 32px;\" src=\"http:\/\/robertbock.de\/3le\/wp-content\/uploads\/2022\/07\/stroller_icon_218155.png\" alt=\"\"><img loading=\"lazy\" decoding=\"async\" width=\"32\" height=\"32\" class=\"wp-image-83\" style=\"width: 32px;\" src=\"http:\/\/robertbock.de\/3le\/wp-content\/uploads\/2022\/07\/Rollstuhl.png\" alt=\"\">Kinderwagen k\u00f6nnen zusammengeklappt bef\u00f6rdert werden, f\u00fcr Rollst\u00fchle leider nicht zug\u00e4nglich<\/td><\/tr><tr><td><img loading=\"lazy\" decoding=\"async\" width=\"32\" height=\"32\" class=\"wp-image-85\" style=\"width: 32px;\" src=\"http:\/\/robertbock.de\/3le\/wp-content\/uploads\/2022\/07\/BusUndBahn.png\" alt=\"\">Haltestelle &#8222;Todtnau, Sch\u00f6nauerstra\u00dfe&#8220; (BUS 7300), dann ca. 2 min Fu\u00dfweg oder &#8222;Todtnau, Busbahnhof&#8220; (BUS 7215, 7300, 7321), dann ca. 10 min Fu\u00dfweg<\/td><\/tr><tr><td><img loading=\"lazy\" decoding=\"async\" width=\"32\" height=\"32\" class=\"wp-image-87\" style=\"width: 32px;\" src=\"http:\/\/robertbock.de\/3le\/wp-content\/uploads\/2022\/07\/website.png\" alt=\"\"><a href=\"http:\/\/www.hasenhorn-rodelbahn.de\" data-type=\"URL\" data-id=\"www.hasenhorn-rodelbahn.de\" target=\"_blank\" rel=\"noreferrer noopener\">www.hasenhorn-rodelbahn.de<\/a><\/td><\/tr><tr><td><img loading=\"lazy\" decoding=\"async\" width=\"32\" height=\"32\" class=\"wp-image-86\" style=\"width: 32px;\" src=\"http:\/\/robertbock.de\/3le\/wp-content\/uploads\/2022\/07\/Hinweis.png\" alt=\"\">Ab der Bergstation f\u00fchrt auch ein Abenteuer-Wanderweg (&#8222;Zauberweg&#8220; ins Tal (nur sehr beschr\u00e4nkt bis gar nicht kinderwageng\u00e4ngig!). Idealerweise Sommerrodelbahn <strong>vormittags <\/strong>nutzen, andernfalls kommt es zu Wartezeiten von teils \u00fcber einer Stunde!<\/td><\/tr><tr><td><\/td><\/tr><\/tbody><\/table><\/figure>\n\n\n\n<h2 class=\"wp-block-heading\"><strong>Feldberg \/ Feldbergbahn (Feldberg)<\/strong><\/h2>\n\n\n\n<p>Baden-W\u00fcrttembergs h\u00f6chster Berg bietet zahlreiche M\u00f6glichkeiten f\u00fcr einen spannenden Tag mit Kindern. Ob die Bergbahnfahrt auf den Gipfel des Seebuck, das Haus der Natur, die Aussicht bis zu den Alpen und zu Europas h\u00f6chstem Berg, dem Montblanc, ob Hochseilgarten oder Naturerlebnispfad &#8211; f\u00fcr jeden ist etwas dabei. Und im Winter lockt das <a href=\"http:\/\/robertbock.de\/3le\/skifahren\/\" data-type=\"URL\" data-id=\"http:\/\/robertbock.de\/3le\/skifahren\/\">Skigebiet Feldberg<\/a>.<\/p>\n\n\n\n<figure class=\"wp-block-table is-style-stripes\"><table><tbody><tr><td><img loading=\"lazy\" decoding=\"async\" width=\"30\" height=\"32\" class=\"wp-image-80\" style=\"width: 30px;\" src=\"http:\/\/robertbock.de\/3le\/wp-content\/uploads\/2022\/07\/toilet_wc_icon_148310-2.png\" alt=\"\"> Talstation der Feldbergbahn, Haus der Natur, Gastronomie<\/td><\/tr><tr><td><img loading=\"lazy\" decoding=\"async\" width=\"32\" height=\"32\" class=\"wp-image-78\" style=\"width: 32px;\" src=\"http:\/\/robertbock.de\/3le\/wp-content\/uploads\/2022\/07\/3289571-babies-baby-baby-diaper-changing-a-diaper-diaper-newborn_107109.png\" alt=\"\">Talstation der Feldbergbahn, Haus der Natur, Gastronomie<\/td><\/tr><tr><td><img loading=\"lazy\" decoding=\"async\" width=\"32\" height=\"32\" class=\"wp-image-82\" style=\"width: 32px;\" src=\"http:\/\/robertbock.de\/3le\/wp-content\/uploads\/2022\/07\/playground_children_park_slide_icon_225221.png\" alt=\"\">nicht vorhanden (ohne Gew\u00e4hr)<\/td><\/tr><tr><td><img loading=\"lazy\" decoding=\"async\" width=\"32\" height=\"32\" class=\"wp-image-84\" style=\"width: 32px;\" src=\"http:\/\/robertbock.de\/3le\/wp-content\/uploads\/2022\/07\/stroller_icon_218155.png\" alt=\"\"><img loading=\"lazy\" decoding=\"async\" width=\"32\" height=\"32\" class=\"wp-image-83\" style=\"width: 32px;\" src=\"http:\/\/robertbock.de\/3le\/wp-content\/uploads\/2022\/07\/Rollstuhl.png\" alt=\"\">Seilbahn barrierefrei, Wanderwege teilweise (z.B. westlicher Weg vom Seebuck-Gipfel ins Tal oder Verbindungsweg Seebuckgipfel &lt;-> Feldberggipfel) mit gel\u00e4ndeg\u00e4ngigem Kinderwagen oder gar Rollstuhl machbar, Feldbergturm-Aussichtsterrasse auf dem Seebuck mit Aufzug barrierefrei erreichbar<\/td><\/tr><tr><td><img loading=\"lazy\" decoding=\"async\" width=\"32\" height=\"32\" class=\"wp-image-85\" style=\"width: 32px;\" src=\"http:\/\/robertbock.de\/3le\/wp-content\/uploads\/2022\/07\/BusUndBahn.png\" alt=\"\">Haltestelle &#8222;Feldberg, Feldbergerhof&#8220; (BUS 7300), z.B. ab Bahnhof Zell im Wiesental (S6) oder Feldberg-B\u00e4rental (S1)<\/td><\/tr><tr><td><img loading=\"lazy\" decoding=\"async\" width=\"32\" height=\"32\" class=\"wp-image-87\" style=\"width: 32px;\" src=\"http:\/\/robertbock.de\/3le\/wp-content\/uploads\/2022\/07\/website.png\" alt=\"\"><a href=\"http:\/\/www.feldbergbahn.de\" data-type=\"URL\" data-id=\"www.feldbergbahn.de\" target=\"_blank\" rel=\"noreferrer noopener\">www.feldbergbahn.de<\/a><\/td><\/tr><tr><td><img loading=\"lazy\" decoding=\"async\" width=\"32\" height=\"32\" class=\"wp-image-86\" style=\"width: 32px;\" src=\"http:\/\/robertbock.de\/3le\/wp-content\/uploads\/2022\/07\/Hinweis.png\" alt=\"\">optimalerweise mit Bus anreisen (Parkhaus relativ teuer!), Kombitickets f\u00fcr verschiedene Attraktionen nutzen. Achtung: Im Winter ist die Feldbergseilbahn eine Sesselbahn f\u00fcr Skifahrer  und nicht barrierefrei!)<\/td><\/tr><tr><td><\/td><\/tr><\/tbody><\/table><\/figure>\n\n\n\n<h2 class=\"wp-block-heading\"><strong>Kandertalbahn (Kandern &#8211; Haltingen)<\/strong><\/h2>\n\n\n\n<p>Die historische Museumsbahn lockt von Ostern bis Oktober Eisenbahnbegeisterte aus Nah und Fern an. Auch f\u00fcr Kinder ist eine Fahrt mit dem dampflokbespannten Zug immer ein Erlebnis. Die Z\u00fcge verkehren immer sonntags drei Mal t\u00e4glich zwischen Haltingen (Kandertalbahnhof, ca. 400 m n\u00f6rdlich des heutigen DB-Haltepunktes &#8222;Haltingen&#8220;) und Kandern (Bahnhof direkt neben dem Busbahnhof). Die Fahrten sind f\u00fcr eine Museumsbahn sehr g\u00fcnstig und auch gut in andere Ausfl\u00fcge integrierbar.<\/p>\n\n\n\n<figure class=\"wp-block-table is-style-stripes\"><table><tbody><tr><td><img loading=\"lazy\" decoding=\"async\" width=\"30\" height=\"32\" class=\"wp-image-80\" style=\"width: 30px;\" src=\"http:\/\/robertbock.de\/3le\/wp-content\/uploads\/2022\/07\/toilet_wc_icon_148310-2.png\" alt=\"\"> in den Z\u00fcgen KEIN WC! Am Bahnhof\/Busbahnhof Kandern und am Kandertalbahnhof in Haltingen WCs vorhanden<\/td><\/tr><tr><td><img loading=\"lazy\" decoding=\"async\" width=\"32\" height=\"32\" class=\"wp-image-78\" style=\"width: 32px;\" src=\"http:\/\/robertbock.de\/3le\/wp-content\/uploads\/2022\/07\/3289571-babies-baby-baby-diaper-changing-a-diaper-diaper-newborn_107109.png\" alt=\"\">nicht vorhanden<\/td><\/tr><tr><td><img loading=\"lazy\" decoding=\"async\" width=\"32\" height=\"32\" class=\"wp-image-82\" style=\"width: 32px;\" src=\"http:\/\/robertbock.de\/3le\/wp-content\/uploads\/2022\/07\/playground_children_park_slide_icon_225221.png\" alt=\"\">beim Gasthaus ChaBah am Bahnhof Kandern (f\u00fcr G\u00e4ste)<\/td><\/tr><tr><td><img loading=\"lazy\" decoding=\"async\" width=\"32\" height=\"32\" class=\"wp-image-84\" style=\"width: 32px;\" src=\"http:\/\/robertbock.de\/3le\/wp-content\/uploads\/2022\/07\/stroller_icon_218155.png\" alt=\"\"><img loading=\"lazy\" decoding=\"async\" width=\"32\" height=\"32\" class=\"wp-image-83\" style=\"width: 32px;\" src=\"http:\/\/robertbock.de\/3le\/wp-content\/uploads\/2022\/07\/Rollstuhl.png\" alt=\"\">grunds\u00e4tzlich nicht barrierefrei, Kinderwagen und Rollst\u00fchle k\u00f6nnen im Gep\u00e4ckwagen bef\u00f6rdert werden (keine zus\u00e4tzlichen Kosten)<\/td><\/tr><tr><td><img loading=\"lazy\" decoding=\"async\" width=\"32\" height=\"32\" class=\"wp-image-85\" style=\"width: 32px;\" src=\"http:\/\/robertbock.de\/3le\/wp-content\/uploads\/2022\/07\/BusUndBahn.png\" alt=\"\">Bahnhof Kandern: &#8222;Kandern, Busbahnhof&#8220; (BUS 1, 4, 54, 55, teilweise 264); Bahnhof Haltingen: &#8222;Haltingen&#8220; (DB-Bahnhof, ca 400 m Fu\u00dfweg) bzw. &#8222;Haltingen, Zentrum&#8220; (BUS 12, 55); Bahnhof Wittlingen: &#8222;Wittlingen, Bahnhof&#8220; (BUS 55 Ri. Basel) bzw. &#8222;Wittlingen, Hirschen&#8220; (BUS 54, BUS 55 Ri. Kandern)<\/td><\/tr><tr><td><img loading=\"lazy\" decoding=\"async\" width=\"32\" height=\"32\" class=\"wp-image-87\" style=\"width: 32px;\" src=\"http:\/\/robertbock.de\/3le\/wp-content\/uploads\/2022\/07\/website.png\" alt=\"\"><a href=\"http:\/\/www.kandertalbahn.de\" data-type=\"URL\" data-id=\"www.kandertalbahn.de\" target=\"_blank\" rel=\"noreferrer noopener\">www.kandertalbahn.de<\/a><\/td><\/tr><tr><td><img loading=\"lazy\" decoding=\"async\" width=\"32\" height=\"32\" class=\"wp-image-86\" style=\"width: 32px;\" src=\"http:\/\/robertbock.de\/3le\/wp-content\/uploads\/2022\/07\/Hinweis.png\" alt=\"\">Man kann auch eine Richtung den Bus, die andere Richtung den Dampfzug nehmen. Die Fahrt mit der Kandertalbahn l\u00e4sst sich auch gut mit einer Wanderung durch die H\u00f6llschlucht oder \u00fcber den Waldlehrpfad in Kandern verbinden.<\/td><\/tr><tr><td><\/td><\/tr><\/tbody><\/table><\/figure>\n\n\n\n<h2 class=\"wp-block-heading\"><strong>Automobilmuseum Cit\u00e9 de l&#8217;automobile (Mulhouse, Frankreich)<\/strong><\/h2>\n\n\n\n<p>Die gr\u00f6\u00dfte Automobilsammlung der Welt zeigt Autos vergangener und zum Teil auch aus aktuelleren Zeiten. Auch kann stellenweise ein Blick in typische Bauteile des Autos geworfen werden. Ein SB-Bistro sorgt f\u00fcr Speis&#8216; und Trank. Ein Highlight (wenn auch nicht ganz g\u00fcnstig) ist die M\u00f6glichkeit, mit einem Oldtimer zu fahren &#8211; man darf tats\u00e4chlich selbst ans Steuer und \u00fcber einen Rundkurs fahren. L\u00e4sst sich gut mit einem Besuch im Eisenbahnmuseum oder einem Shoppingtrip nach Mulhouse verbinden.<\/p>\n\n\n\n<figure class=\"wp-block-table is-style-stripes\"><table><tbody><tr><td><img loading=\"lazy\" decoding=\"async\" width=\"30\" height=\"32\" class=\"wp-image-80\" style=\"width: 30px;\" src=\"http:\/\/robertbock.de\/3le\/wp-content\/uploads\/2022\/07\/toilet_wc_icon_148310-2.png\" alt=\"\"> vorhanden<\/td><\/tr><tr><td><img loading=\"lazy\" decoding=\"async\" width=\"32\" height=\"32\" class=\"wp-image-78\" style=\"width: 32px;\" src=\"http:\/\/robertbock.de\/3le\/wp-content\/uploads\/2022\/07\/3289571-babies-baby-baby-diaper-changing-a-diaper-diaper-newborn_107109.png\" alt=\"\">vorhanden (WC)<\/td><\/tr><tr><td><img loading=\"lazy\" decoding=\"async\" width=\"32\" height=\"32\" class=\"wp-image-82\" style=\"width: 32px;\" src=\"http:\/\/robertbock.de\/3le\/wp-content\/uploads\/2022\/07\/playground_children_park_slide_icon_225221.png\" alt=\"\">nicht vorhanden<\/td><\/tr><tr><td><img loading=\"lazy\" decoding=\"async\" width=\"32\" height=\"32\" class=\"wp-image-84\" style=\"width: 32px;\" src=\"http:\/\/robertbock.de\/3le\/wp-content\/uploads\/2022\/07\/stroller_icon_218155.png\" alt=\"\"><img loading=\"lazy\" decoding=\"async\" width=\"32\" height=\"32\" class=\"wp-image-83\" style=\"width: 32px;\" src=\"http:\/\/robertbock.de\/3le\/wp-content\/uploads\/2022\/07\/Rollstuhl.png\" alt=\"\">gesamte Ausstellung barrierefrei<\/td><\/tr><tr><td><img loading=\"lazy\" decoding=\"async\" width=\"32\" height=\"32\" class=\"wp-image-85\" style=\"width: 32px;\" src=\"http:\/\/robertbock.de\/3le\/wp-content\/uploads\/2022\/07\/BusUndBahn.png\" alt=\"\"> Haltestelle &#8222;Mulhouse, Cit\u00e9 de l&#8217;Auto&#8220; (Tram 1 Richtung Ch\u00e2teignier ab Bahnhof Mulhouse)<\/td><\/tr><tr><td> <img loading=\"lazy\" decoding=\"async\" width=\"32\" height=\"32\" class=\"wp-image-87\" style=\"width: 32px;\" src=\"http:\/\/robertbock.de\/3le\/wp-content\/uploads\/2022\/07\/website.png\" alt=\"\"><a rel=\"noreferrer noopener\" href=\"https:\/\/www.musee-automobile.fr\/de\/\" target=\"_blank\">https:\/\/www.musee-automobile.fr\/de\/<\/a><\/td><\/tr><tr><td><img loading=\"lazy\" decoding=\"async\" width=\"32\" height=\"32\" class=\"wp-image-86\" style=\"width: 32px;\" src=\"http:\/\/robertbock.de\/3le\/wp-content\/uploads\/2022\/07\/Hinweis.png\" alt=\"\"><\/td><\/tr><tr><td><\/td><\/tr><\/tbody><\/table><\/figure>\n\n\n\n<h2 class=\"wp-block-heading\"><strong>Eisenbahnmuseum Cit\u00e9 du train (Mulhouse, Frankreich)<\/strong><\/h2>\n\n\n\n<p>Eines der gr\u00f6\u00dften Eisenbahnmuseen der Welt erwartet Euch in Mulhouse. Direkt neben der Eisenbahnstrecke vor den Toren der Stadt gelegen bietet das sich auf einem alten Bahnbetriebswerk gelegene Museum franz\u00f6sische Eisenbahngeschichte zum Anfassen. Zahlreiche Fahrzeugoriginale sind ausgestellt, ein TGV-F\u00fchrerstand kann begangen (und &#8222;befummelt&#8220;) werden und auch die Modellbahnanlage ist ein Highlight, wenn auch nicht allzu gro\u00df. An einzelnen Tagen (wann genau, ist nicht bekannt) f\u00e4hrt auch eine Miniaturbahn im Au\u00dfenbereich und unsere Kinder durften sogar mal an einem solchen Tag selbst ein paar Meter ein richtiges eisenbahnfahrzeug selbst steuern. Ein Restaurant (nicht ganz g\u00fcnstig) sorgt f\u00fcr die Verpflegung, die Flammkuchen sind ziemlich gut.<\/p>\n\n\n\n<h2 class=\"wp-block-heading\"><strong>Naturkundemuseum Basel (Basel, Schweiz)<\/strong><\/h2>\n\n\n\n<p>Klein, aber fein: Das Naturkundemuseum in der Basler Altstadt nahe des M\u00fcnsterplatzes bietet einen Einblick in die Pflanzen- und Tierwelt nicht nur der Region. Das Highlight ist ein echtes Dinosaurierskelett.<\/p>\n\n\n\n<h2 class=\"wp-block-heading\"><strong>Zoo Basel (Basel, Schweiz)<\/strong><\/h2>\n\n\n\n<p>Der angeblich gr\u00f6\u00dfte schweizer Zoo befindet sich in Basel s\u00fcdlich des Stadtzentrums. Ob Giraffen, Elefanten, Menschenaffen oder zahlreiche einheimische, und dennoch \u00fcberraschende Sumpfschildkr\u00f6ten &#8211; die Tierwelt ist reichlich vertreten. Der Zoo ist allerdings etwas sehr &#8222;in Beton und Asphalt gegossen&#8220; &#8211; wer etwas naturnaheres wie z.B. in Leipzig oder Hannover erwartet wird sicher entt\u00e4uscht sein.<\/p>\n\n\n\n<h2 class=\"wp-block-heading\"><strong>Wildtiergehege Zell (Zell im Wiesental)<\/strong><\/h2>\n\n\n\n<p>Klein aber fein , daf\u00fcr aber gut gepflegt und locker f\u00fcr einen kurzen Ausflug geeignet ist das Wildtiergehege oberhalb von Zell im Wiesental. Zwar muss man erst einmal einige H\u00f6henmeter \u00fcberwinden (geparkt wird unten im Tal), aber daf\u00fcr ist es sch\u00f6n ruhig und man kann entspannt rasten und den Tieren zusehen. Und mit etwas Gl\u00fcck wird auch gerade gef\u00fcttert und man erh\u00e4lt noch ein paar Infos zu den Tieren. Der Eintritt ist frei (Spendenkasse vorhanden).<\/p>\n\n\n\n<h2 class=\"wp-block-heading\"><strong>Vogelpark Weitenau (Steinen-Weitenau)<\/strong><\/h2>\n\n\n\n<p>Der familiengef\u00fchrte Vogelpark im Steinener Ortsteil Weitenau zeigt vor allem, aber nicht nur einheimische Vogel sowie auch Berberaffen. Letztere und die Kanarienv\u00f6gel d\u00fcrfen vom Besucher gef\u00fcttert werden (Kleingeld f\u00fcrs Futter mitbringen!). Eine Flugshow zeigt zweimal am Tag eindrucksvoll das Flugverhalten der Greifv\u00f6gel und bietet interessante Infos. Mit etwas Gl\u00fcck darf man auch einen Greifvogel auf den Hand nehmen, z.B. f\u00fcr ein Foto. Zahlreiche Grill- und Rastpl\u00e4tze bieten sich f\u00fcr ein Picknick an. P.S.: der Vogelpark wird ohne Zusch\u00fcsse von einer Familie gef\u00fchrt, er ist daher vergleichsweise teuer und einfach gehalten. Dennoch ist er das Lebenswerk dieser Familie und der Besuch lohnt sich.<\/p>\n\n\n\n<h2 class=\"wp-block-heading\"><strong>Burg R\u00f6tteln (L\u00f6rrach, oberhalb L\u00f6rrach-Haagen\/R\u00f6ttelnweiler)<\/strong><\/h2>\n\n\n\n<p>Die gro\u00dfz\u00fcgige Burganlage am Eingang zum Wiesental oberhalb von L\u00f6rrach ist ein Erlebnis. Nicht selten kommen Kinder extra im Ritterkost\u00fcm hierher. Die Unterburg ist frei zug\u00e4nglich, die Oberburg mit kleinem Museum wird vom R\u00f6ttelnbund e.V. instandgehalten und ist gegen einen kleinen (wirklich kleinen!) Obolus zu den \u00d6ffnungszeiten zu besichtigen. In der Oberburg befinden sich zwei T\u00fcrme, besonders der obere bietet eine fantastische Sicht aufs Wiesental, L\u00f6rrach, Basel und Umgebung. An klaren Tagen ist dies der richtige Punkt, um L\u00f6rrach gemeinsam mit den Alpen zu fotografieren. Ein kleines Restaurant und ein Biergarten (beides vorerst bis Ende Sommer 2022, P\u00e4chter f\u00fcr danach gesucht) sorgen f\u00fcrs leibliche Wohl.<\/p>\n\n\n\n<h2 class=\"wp-block-heading\"><strong>Tinguely-Museum (Basel, Schweiz)<\/strong><\/h2>\n\n\n\n<p>Das auch &#8222;Schrottmuseum&#8220; genannte Tinguely-Museum (sprich etwa: &#8222;T\u00e4ngu\u00e4llii&#8220;) in Basel ist dem K\u00fcnstler Jean Tinguely gewidmet und stellt ein &#8222;Kulturengagement&#8220; des nebenan befindlichen Pharmakonzerns Roche dar. Es zeigt typische Werke des K\u00fcnstlers. Das Hauptaugenmerk liegt dabei darauf, dass aus Schrott und Abf\u00e4llen Kunst gemacht wird. Viele Werke sind beweglich und k\u00f6nnen vom Besucher in Gang gesetzt werden.<\/p>\n\n\n\n<h2 class=\"wp-block-heading\"><strong>Abenteuer-Golfpark (Lenzkirch-Kappel)<\/strong><\/h2>\n\n\n\n<p>Ein Abenteuer-Minigolfplatz im S\u00fcdschwarzwald befindet sich in Kappel bei Lenzkirch, umweit von Feldberg, Schluch- und Titisee. Auf liebevoll gestalteten Bahnen kann die ganze Familie sich vergn\u00fcgen und locker 2 Stunden Zeit rumbekommen. Besondere Schwierigkeit gegen\u00fcber anderen Minigolfanlage ist das wechselnde Gef\u00e4lle auf den Bahnen selbst. Spa\u00df ist garantiert. Ein kleiner, preislich humaner Imbiss mit Biergarten liegt auf dem Gel\u00e4nde, f\u00fcr Erfrischung sorgt die Wassertretanlage. Ein Abenteuerspielplatz ist direkt nebenan. <\/p>\n\n\n\n<h2 class=\"wp-block-heading\"><strong>Schifffahrt auf dem Rhein (Weil am Rhein &#8211; Basel, Schweiz &#8211; Rheinfelden, Schweiz)<\/strong><\/h2>\n\n\n\n<p>Die Basler Personenschifffahrtsgesellschaft (BPG) f\u00e4hrt mit Linienschiffen nach Fahrplan zwischen dem Dreil\u00e4ndereck in Weil am Rhein (beim Rheincenter) und dem schweizer Rheinfelden. Highlight sind das Passieren der Basler Altstadt, deren H\u00e4user direkt im Rhein zu stehen scheinen und die gro\u00dfe Schleusenanlage in Birsfelden, die die Schiffe durchfahren. L\u00e4sst sich gut mit einem Einkaufsbummel im Rheincenter und Outletcenter in Weil am Rhein oder einem Besuch der h\u00fcbschen schweizerisch-Rheinfelder Altstadt verbinden.<\/p>\n\n\n\n<h2 class=\"wp-block-heading\"><strong>Verkehrshaus der Schweiz (Luzern, Schweiz)<\/strong><\/h2>\n\n\n\n<p>Ein Glanzlicht unter den Verkehrsmuseen der Welt ist ganz sicher das Verkehrshaus der Schweiz in Luzern. Direkt am Vierwaldst\u00e4ttersee gelegen bietet es Ausstellungen \u00fcber Eisenbahnverkehr, Luftverkehr, Schiffsverkehr, Seilbahnen und den Stra\u00dfenverkehr. Vereinfachte Fahrsimulatoren f\u00fcr verschiedene schweizer Bahnstrecken, Helikopter- und Flugsimulatoren sowie eine Baustellen-Erlebnisspielwelt runden das Programm ab. Man kann sehr viel anfassen und bewegen. Eine Minieisenbahn dreht zu zivilen Preisen ihre Runden. Das SB-Restaurant bieten Essen und Trinken in passabler Qualit\u00e4t, ein Picknickplatz ist aber auch vorhanden. Mit im Verkehrshaus befinden sich ein 3-D-Kino und eine Lindt-Schoggierlebniswelt. Nicht ganz g\u00fcnstig das alles, aber auf jeden Fall einen Ganztagsbesuch wert!<\/p>\n\n\n\n<h2 class=\"wp-block-heading\"><strong>Technorama (Winterthur, Schweiz)<\/strong><\/h2>\n\n\n\n<p>Das Entdecker- und Technikmuseum in Winterthur nordwestlich von Z\u00fcrich ist ein Entdeckungshaus physikalischer Ph\u00e4nomene und Zusammenh\u00e4nge. Quasi alles kann angefasst werden, man kann Dinge ausprobieren, stabile Br\u00fccken nur aus Holzleisten bauen oder einfach der Strom-Show mit ihren eindrucksvollen Blitzen zusehen. Ein SB-Restaurant bietet recht gute Speisen und Getr\u00e4nke.<\/p>\n\n\n\n<h2 class=\"wp-block-heading\"><strong>Klangweg Toggenburg (Alt St. Johann\/Wildhaus, Schweiz)<\/strong><\/h2>\n\n\n\n<p>In den Schweizer Voralpen, die wir Deutschen als &#8222;sind doch richtige Alpen&#8220; betiteln w\u00fcrden, befindet sich das Toggenburg, ein Hochtal nahe der Grenze zu \u00d6sterreich, durch den Bergkamm der &#8222;Churfirsten&#8220; vom Walensee getrennt, n\u00f6rdlich durch das S\u00e4ntismassiv begrenzt bietet es ein besonders eindrucksvolles Panorama und au\u00dferordentlich hohe Gastfreundschaft bei bezahlbarem Preisniveau. Inmitten des Toggenburgs befindet sich der Klangweg, welcher mit den Bergbahne ab Alt St. Johann, Unterwasser oder Wildhaus erreicht werden kann. Am Weg liegen, wie der Name schon vermuten l\u00e4sst, zahlreiche Einrichtungen, die L\u00e4rm machen. Hier d\u00fcrfen Kinder sich austoben! Und die hier und da auf dem Weg liegenden riesigen K\u00fche (diese sind in der Schweiz gef\u00fchlt doppelt so gro\u00df wie in Deutschland) sind ein zus\u00e4tzliches mutprobenartiges Erlebnis.<\/p>\n\n\n\n<h2 class=\"wp-block-heading\">Vogesenkammstra\u00dfe (Route-des-Cr\u00eates)<\/h2>\n\n\n\n<p>Die urspr\u00fcnglich zu Gr\u00fcnden der Territorialverteidigung und Milit\u00e4rversorgung angelegte H\u00f6henstra\u00dfe verbindet Cernay mit dem Col du bonhomme in der N\u00e4he des Lac blanc. Sie ist nur im Sommerhalbjahr befahrbar und verl\u00e4uft meist knapp unterhalb des Vogesenhauptkammes auf dessen westlicher Seite. Dennoch sind ab der Stra\u00dfe einzelne Gipfel direkt anfahrbar und auch sonst ist sie aussichtsreich &#8211; ob auf Alpen, Jura oder Oberrheingraben. Zahlreiche Bauernh\u00f6fe (Fermes) bieten lokal gefertigten K\u00e4se und meist auch eine kleine Gastronomie an. An drei Stellen gibt es zudem Sommerrodelbahnen: in Le Markstein, La Bresse-Hohneck (hierzu muss man allerdings eine kleine Stichfahrt unternehmen) und am Col de la Schlucht. Kurzum: schon durch die spektakul\u00e4re Trassierung einzelner Abschnitte ist die Stra\u00dfe einen Ausflug wert. F\u00fcr Familien wird dies noch durch die Sommerrodelbahnen und die M\u00f6glichkeit der Auffahrt mit dem Sessellift in La Bresse getoppt. Ein weiteres Highlight ist auch der Lac Blanc, ein Karsee, in den eine Felswand quasi senkrecht hineinf\u00e4llt.<\/p>\n","protected":false},"excerpt":{"rendered":"<p>(Nicht nur) Im Landkreis L\u00f6rrach bieten sich zahlreiche M\u00f6glichkeiten, auch f\u00fcr Kinder interessante Ausfl\u00fcge zu t\u00e4tigen. Teilweise sind diese auch&#8230;<\/p>\n","protected":false},"author":1,"featured_media":0,"parent":5,"menu_order":0,"comment_status":"closed","ping_status":"closed","template":"","meta":{"footnotes":""},"class_list":["post-8","page","type-page","status-publish","hentry","post-archive"],"_links":{"self":[{"href":"http:\/\/robertbock.de\/3le\/wp-json\/wp\/v2\/pages\/8","targetHints":{"allow":["GET"]}}],"collection":[{"href":"http:\/\/robertbock.de\/3le\/wp-json\/wp\/v2\/pages"}],"about":[{"href":"http:\/\/robertbock.de\/3le\/wp-json\/wp\/v2\/types\/page"}],"author":[{"embeddable":true,"href":"http:\/\/robertbock.de\/3le\/wp-json\/wp\/v2\/users\/1"}],"replies":[{"embeddable":true,"href":"http:\/\/robertbock.de\/3le\/wp-json\/wp\/v2\/comments?post=8"}],"version-history":[{"count":63,"href":"http:\/\/robertbock.de\/3le\/wp-json\/wp\/v2\/pages\/8\/revisions"}],"predecessor-version":[{"id":178,"href":"http:\/\/robertbock.de\/3le\/wp-json\/wp\/v2\/pages\/8\/revisions\/178"}],"up":[{"embeddable":true,"href":"http:\/\/robertbock.de\/3le\/wp-json\/wp\/v2\/pages\/5"}],"wp:attachment":[{"href":"http:\/\/robertbock.de\/3le\/wp-json\/wp\/v2\/media?parent=8"}],"curies":[{"name":"wp","href":"https:\/\/api.w.org\/{rel}","templated":true}]}}